{"id":4519,"date":"2026-02-26T10:01:05","date_gmt":"2026-02-26T15:01:05","guid":{"rendered":"https:\/\/envoletboussole.com\/agence-de-milieux-familiaux\/"},"modified":"2026-02-26T10:01:05","modified_gmt":"2026-02-26T15:01:05","slug":"agence-de-milieux-familiaux","status":"publish","type":"page","link":"https:\/\/envoletboussole.com\/en\/agence-de-milieux-familiaux\/","title":{"rendered":"Agence de milieux familiaux"},"content":{"rendered":"<div class=\"wpb-content-wrapper\"><p>[vc_row full_width=&#8221;stretch_row_content_no_spaces&#8221; css=&#8221;.vc_custom_1738690045317{margin-top: 0px !important;padding-top: 0px !important;background-color: #006E79 !important;}&#8221;][vc_column css=&#8221;.vc_custom_1738690074919{margin-top: 0px !important;margin-bottom: 0px !important;padding-top: 0px !important;padding-bottom: 0px !important;}&#8221;]\n\t\t\t\t<p class=\"rs-p-wp-fix\"><\/p>\n\t\t\t\t<sr7-module data-alias=\"slider-a-propos-11\" data-id=\"30\" id=\"SR7_30_1\" class=\"rs-ov-hidden\" data-version=\"6.7.23\">\n\t\t\t\t\t<sr7-adjuster><\/sr7-adjuster>\n\t\t\t\t\t<sr7-content>\n\t\t\t\t\t\t<sr7-slide class=\"rev_home3_class\" id=\"SR7_30_1-59\" data-key=\"59\">\n\t\t\t\t\t\t\t<sr7-txt id=\"SR7_30_1-59-3\" class=\"sr7-layer\">Agence de milieux familiaux les centres Envol & Boussole<\/sr7-txt>\n\t\t\t\t\t\t<\/sr7-slide>\n\t\t\t\t\t\t<sr7-slide id=\"SR7_30_1-60\" data-key=\"60\">\n\t\t\t\t\t\t<\/sr7-slide>\n\t\t\t\t\t<\/sr7-content>\n\t\t\t\t\t<image_lists style=\"display:none\">\n\t\t\t\t\t\t<img data-src=\"\/\/envoletboussole.com\/wp-content\/uploads\/2025\/01\/texture_03_rose.png\" data-libid=\"1781\" data-lib=\"medialibrary\" width=\"0\" height=\"0\" data-dbsrc=\"Ly9lbnZvbGV0Ym91c3NvbGUuY29tL3dwLWNvbnRlbnQvdXBsb2Fkcy8yMDI1LzAxL3RleHR1cmVfMDNfcm9zZS5wbmc=\"\/>\n\t\t\t\t\t\t<img data-src=\"\/\/envoletboussole.com\/wp-content\/uploads\/2025\/02\/texture_09.png\" data-libid=\"2435\" data-lib=\"medialibrary\" width=\"0\" height=\"0\" data-dbsrc=\"Ly9lbnZvbGV0Ym91c3NvbGUuY29tL3dwLWNvbnRlbnQvdXBsb2Fkcy8yMDI1LzAyL3RleHR1cmVfMDkucG5n\"\/>\n\t\t\t\t\t\t<img data-src=\"\/\/envoletboussole.com\/wp-content\/uploads\/2025\/02\/texture_11.png\" data-libid=\"2499\" data-lib=\"medialibrary\" width=\"0\" height=\"0\" data-dbsrc=\"Ly9lbnZvbGV0Ym91c3NvbGUuY29tL3dwLWNvbnRlbnQvdXBsb2Fkcy8yMDI1LzAyL3RleHR1cmVfMTEucG5n\"\/>\n\t\t\t\t\t\t<img data-src=\"\/\/envoletboussole.com\/wp-content\/uploads\/2025\/01\/texture_10.png\" data-libid=\"2091\" data-lib=\"medialibrary\" width=\"0\" height=\"0\" data-dbsrc=\"Ly9lbnZvbGV0Ym91c3NvbGUuY29tL3dwLWNvbnRlbnQvdXBsb2Fkcy8yMDI1LzAxL3RleHR1cmVfMTAucG5n\"\/>\n\t\t\t\t\t<\/image_lists>\n\t\t\t\t<\/sr7-module>\n\t\t\t\t<script>\n\t\t\t\t\tSR7.PMH ??={}; SR7.PMH[\"SR7_30_1\"] = {cn:100,state:false,fn: function() { if (_tpt!==undefined && _tpt.prepareModuleHeight !== undefined) {  _tpt.prepareModuleHeight({id:\"SR7_30_1\",el:[400,400,400,400,260],type:'hero',shdw:'0',gh:[400,400,400,400,260],gw:[1240,1240,1100,778,480],vpt:['-100px&#039;,&#039;-100px&#039;,&#039;-100px&#039;,&#039;-100px&#039;,&#039;-100px'],size:{fullWidth:true, fullHeight:false},mh:'0',onh:0,onw:0,bg:{color:'{\"orig\":\"transparent\",\"type\":\"solid\",\"string\":\"transparent\"}'}});   SR7.PMH[\"SR7_30_1\"].state=true;} else if(SR7.PMH[\"SR7_30_1\"].cn-->0)\tsetTimeout( SR7.PMH[\"SR7_30_1\"].fn,19);}};SR7.PMH[\"SR7_30_1\" ].fn();\n\t\t\t\t<\/script>\n[\/vc_column][\/vc_row][vc_row full_width=&#8221;stretch_row_content&#8221; gap=&#8221;20&#8243; css=&#8221;.vc_custom_1742839258509{background-color: #FFFFFF !important;background-position: 0 0 !important;background-repeat: no-repeat !important;}&#8221;][vc_column width=&#8221;1\/6&#8243; css=&#8221;.vc_custom_1738600583769{margin-bottom: 0px !important;padding-bottom: 0px !important;background-position: 0 0 !important;background-repeat: no-repeat !important;}&#8221; offset=&#8221;vc_col-lg-2 vc_col-md-2 vc_hidden-sm vc_hidden-xs&#8221;][\/vc_column][vc_column css=&#8221;.vc_custom_1738600596176{margin-bottom: 0px !important;padding-bottom: 0px !important;}&#8221; offset=&#8221;vc_col-lg-8 vc_col-md-8 vc_col-xs-12&#8243;][vc_column_text css=&#8221;&#8221;]<\/p>\n<h4 style=\"text-align: center;\">Bienvenue \u00e0 l\u2019Agence des milieux familiaux francophone de Calgary et des r\u00e9gions Okotoks, Airdrie, Chestemere, Cochrane et Strathmore.<\/h4>\n<p style=\"text-align: center;\">Les milieux familiaux repr\u00e9sentent une excellente alternative au programme de la petite enfance en installation, offrant des groupes plus restreints, un\u00b7e \u00e9ducateur\u00b7rice constant\u00b7e, une flexibilit\u00e9 dans la routine ainsi que la possibilit\u00e9 de jouer et d\u2019apprendre dans un groupe multi\u00e2ges.<\/p>\n<p>[\/vc_column_text][\/vc_column][vc_column width=&#8221;1\/6&#8243; css=&#8221;.vc_custom_1738600573838{margin-bottom: 0px !important;padding-bottom: 0px !important;}&#8221; offset=&#8221;vc_col-lg-2 vc_col-md-2 vc_hidden-sm vc_hidden-xs&#8221;][\/vc_column][\/vc_row][vc_row full_width=&#8221;stretch_row_content&#8221; content_placement=&#8221;middle&#8221; css=&#8221;.vc_custom_1747072895029{background-color: #CBE7E8 !important;}&#8221;][vc_column width=&#8221;1\/12&#8243; offset=&#8221;vc_col-lg-1 vc_col-md-1 vc_hidden-md vc_hidden-sm vc_hidden-xs&#8221;][\/vc_column][vc_column css_animation=&#8221;fadeIn&#8221; offset=&#8221;vc_col-lg-6 vc_col-md-7 vc_col-xs-12&#8243;][vc_column_text css=&#8221;&#8221;]<\/p>\n<h3>Nous mettons l\u2019accent sur des services de garde de haute qualit\u00e9. Nous croyons en un environnement chaleureux et familial pour les enfants.<\/h3>\n<p>[\/vc_column_text][\/vc_column][vc_column css_animation=&#8221;fadeInRight&#8221; offset=&#8221;vc_col-lg-5 vc_col-md-4 vc_col-xs-12 vc_hidden-xs&#8221;][vc_single_image image=&#8221;2804&#8243; img_size=&#8221;medium&#8221; alignment=&#8221;center&#8221; css_animation=&#8221;fadeIn&#8221; css=&#8221;.vc_custom_1747072854351{margin-bottom: 0px !important;}&#8221;][\/vc_column][\/vc_row][vc_row full_width=&#8221;stretch_row_content&#8221; css=&#8221;.vc_custom_1772119940822{margin-top: 0px !important;padding-top: 0px !important;background-color: #CBE7E8 !important;}&#8221;][vc_column width=&#8221;1\/12&#8243; offset=&#8221;vc_hidden-sm vc_hidden-xs&#8221;][\/vc_column][vc_column offset=&#8221;vc_col-lg-10 vc_col-md-10 vc_col-xs-12&#8243; css=&#8221;.vc_custom_1772120098299{padding-top: 25px !important;}&#8221;][vc_column_text css=&#8221;.vc_custom_1772118976862{margin-bottom: 20px !important;}&#8221;]<\/p>\n<h3>Notre mission<\/h3>\n<p>[\/vc_column_text][vc_row_inner bp_css_tablet=&#8221;.vc_custom_1747072314321{padding-top: 0px !important;}&#8221;][vc_column_inner][vc_column_text css=&#8221;&#8221;]<\/p>\n<ul>\n<li>Offrir des environnements s\u00e9curitaires et bienveillants qui favorisent des relations solides entre les enfants et les \u00e9ducateur\u00b7rice\u00b7s.<\/li>\n<li>Consid\u00e9rer chaque enfant comme un apprenant fort, comp\u00e9tent, d\u00e9brouillard et capable.<\/li>\n<\/ul>\n<p>[\/vc_column_text][\/vc_column_inner][\/vc_row_inner][\/vc_column][vc_column width=&#8221;1\/12&#8243; offset=&#8221;vc_hidden-sm vc_hidden-xs&#8221;][\/vc_column][\/vc_row][vc_row full_width=&#8221;stretch_row_content&#8221; css=&#8221;.vc_custom_1746807815300{margin-top: 0px !important;padding-top: 0px !important;background-color: #CBE7E8 !important;}&#8221;][vc_column width=&#8221;1\/12&#8243; offset=&#8221;vc_hidden-sm vc_hidden-xs&#8221;][\/vc_column][vc_column offset=&#8221;vc_col-lg-10 vc_col-md-10 vc_col-xs-12&#8243; css=&#8221;.vc_custom_1772120143754{padding-top: 25px !important;}&#8221;][vc_column_text css=&#8221;.vc_custom_1747072375460{margin-bottom: 20px !important;}&#8221;]<\/p>\n<h3>Nos valeurs<\/h3>\n<p>[\/vc_column_text][vc_row_inner bp_css_tablet=&#8221;.vc_custom_1747072314321{padding-top: 0px !important;}&#8221;][vc_column_inner width=&#8221;1\/3&#8243;][vc_column_text css=&#8221;&#8221;]<\/p>\n<h4>Francophonie<\/h4>\n<p>Promouvoir et c\u00e9l\u00e9brer la langue fran\u00e7aise et ses cultures. Faire d\u00e9couvrir et appr\u00e9cier la richesse de la francophonie pour nourrir la fiert\u00e9 et la construction identitaire des enfants d\u00e8s la petite enfance.[\/vc_column_text][\/vc_column_inner][vc_column_inner width=&#8221;1\/3&#8243;][vc_column_text css=&#8221;&#8221;]<\/p>\n<h4>\u00c9quit\u00e9<\/h4>\n<p>Assurer l\u2019acc\u00e8s \u00e9quitable aux ressources et opportunit\u00e9s pour tous les enfants, ind\u00e9pendamment de leur origine, leur capacit\u00e9 ou leur contexte. L\u2019opportunit\u00e9 est pour chacun de s\u2019\u00e9panouir pleinement.[\/vc_column_text][\/vc_column_inner][vc_column_inner width=&#8221;1\/3&#8243;][vc_column_text css=&#8221;&#8221;]<\/p>\n<h4>Engagement<\/h4>\n<p>S\u2019engager pleinement envers notre mission, le bien-\u00eatre et le d\u00e9veloppement des enfants pour cr\u00e9er un environnement accueillant et stimulant o\u00f9 chaque enfant est valoris\u00e9 et soutenu.[\/vc_column_text][\/vc_column_inner][\/vc_row_inner][vc_row_inner bp_css_tablet=&#8221;.vc_custom_1747072314321{padding-top: 0px !important;}&#8221;][vc_column_inner width=&#8221;1\/3&#8243;][vc_column_text css=&#8221;&#8221;]<\/p>\n<h4>Unicit\u00e9<\/h4>\n<p>Reconnaitre et valoriser la singularit\u00e9 de chaque enfant. Encourager l\u2019expression individuelle et cultiver un environnement o\u00f9 chacun se sent respect\u00e9 et reconnu pour ce qu\u2019il est.[\/vc_column_text][\/vc_column_inner][vc_column_inner width=&#8221;1\/3&#8243;][vc_column_text css=&#8221;&#8221;]<\/p>\n<h4>Collaboration<\/h4>\n<p>Travailler ensemble entre coll\u00e8gues, avec les familles et la communaut\u00e9 afin de favoriser un esprit de partenariat et de soutien mutuel dans l\u2019atteinte d\u2019objectifs communs.[\/vc_column_text][\/vc_column_inner][vc_column_inner width=&#8221;1\/3&#8243;][\/vc_column_inner][\/vc_row_inner][\/vc_column][vc_column width=&#8221;1\/12&#8243; offset=&#8221;vc_hidden-sm vc_hidden-xs&#8221;][\/vc_column][\/vc_row][vc_row full_width=&#8221;stretch_row&#8221; gap=&#8221;20&#8243; css=&#8221;.vc_custom_1738112998717{margin-top: 0px !important;padding-top: 0px !important;background-color: #CBE7E8 !important;background-position: 0 0 !important;background-repeat: no-repeat !important;}&#8221;][vc_column css=&#8221;.vc_custom_1738113209432{margin-top: 40px !important;margin-bottom: 120px !important;padding-top: 0px !important;background-position: 0 0 !important;background-repeat: no-repeat !important;}&#8221;][vc_single_image image=&#8221;1530&#8243; img_size=&#8221;large&#8221; alignment=&#8221;right&#8221; css=&#8221;.vc_custom_1738113287908{margin-top: 0px !important;margin-bottom: 40px !important;padding-top: 0px !important;background-position: 0 0 !important;background-repeat: no-repeat !important;}&#8221;][\/vc_column][\/vc_row][vc_row full_width=&#8221;stretch_row_content&#8221; gap=&#8221;20&#8243; disable_element=&#8221;yes&#8221; css=&#8221;.vc_custom_1772120201979{background-color: #3CBAC6 !important;background-position: 0 0 !important;background-repeat: no-repeat !important;}&#8221;][vc_column width=&#8221;1\/6&#8243; css=&#8221;.vc_custom_1738600583769{margin-bottom: 0px !important;padding-bottom: 0px !important;background-position: 0 0 !important;background-repeat: no-repeat !important;}&#8221; offset=&#8221;vc_col-lg-2 vc_col-md-2 vc_hidden-sm vc_hidden-xs&#8221;][\/vc_column][vc_column css=&#8221;.vc_custom_1738600596176{margin-bottom: 0px !important;padding-bottom: 0px !important;}&#8221; offset=&#8221;vc_col-lg-8 vc_col-md-8 vc_col-xs-12&#8243;][vc_column_text css=&#8221;&#8221;]<\/p>\n<h2>Coup d\u2019\u0153il sur notre histoire<\/h2>\n<p>Les centres Envol &amp; Boussole, anciennement connus sous le nom \u00ab\u2009La Soci\u00e9t\u00e9 Pommes de Reinette Daycare\u2009\u00bb, ont \u00e9t\u00e9 fond\u00e9s en 1985 par un groupe de parents de la r\u00e9gion de Calgary d\u00e9sireux que leurs enfants s\u2019\u00e9panouissent dans un environnement francophone qui refl\u00e8te leur culture.<\/p>\n<p>Le centre Sud-Ouest fut le premier \u00e0 voir le jour en 1985. Au fil des ann\u00e9es, les besoins en mati\u00e8re de service de garde en fran\u00e7ais augmentent et notre organisation s\u2019agrandit. En 2011, nous allons de l\u2019avant avec l\u2019ouverture d\u2019un deuxi\u00e8me centre : le centre Nord-Est. Puis en 2016, nous poursuivons avec l\u2019ouverture d\u2019un service de garde scolaire \u00e0 Cochrane. Enfin, en 2017, le centre Sud-Est, autrefois connu sous le nom d\u2019Alouette, rejoint notre organisation.<\/p>\n<p>En 2024, notre organisme change de nom afin de mettre de l\u2019avant notre nouvelle vision et d\u2019honorer notre client\u00e8le allant jusqu\u2019\u00e0 12 ans.<\/p>\n<p>[\/vc_column_text][\/vc_column][vc_column width=&#8221;1\/6&#8243; css=&#8221;.vc_custom_1738600573838{margin-bottom: 0px !important;padding-bottom: 0px !important;}&#8221; offset=&#8221;vc_col-lg-2 vc_col-md-2 vc_hidden-sm vc_hidden-xs&#8221;][\/vc_column][\/vc_row][vc_row full_width=&#8221;stretch_row_content&#8221; css=&#8221;.vc_custom_1742841045871{padding-top: 80px !important;background-color: #E6F3F4 !important;}&#8221;][vc_column width=&#8221;1\/12&#8243; offset=&#8221;vc_col-lg-1 vc_col-md-1 vc_hidden-sm vc_hidden-xs&#8221;][\/vc_column][vc_column offset=&#8221;vc_col-lg-10 vc_col-md-10 vc_col-xs-12&#8243;][vc_column_text css=&#8221;&#8221;]<\/p>\n<h2>D\u00e9di\u00e9s au bien-\u00eatre de chaque enfant<\/h2>\n<p>Nous accompagnons des \u00e9ducateur\u00b7rice\u00b7s qualifi\u00e9\u00b7e\u00b7s qui offrent aux familles des services de garde en milieu familial licenci\u00e9s, s\u00e9curitaires et conformes aux normes provinciales de l\u2019Alberta.[\/vc_column_text][\/vc_column][vc_column width=&#8221;1\/6&#8243; offset=&#8221;vc_col-lg-1 vc_col-md-1 vc_hidden-sm vc_hidden-xs&#8221;][\/vc_column][\/vc_row][vc_row full_width=&#8221;stretch_row_content&#8221; css_animation=&#8221;none&#8221; css=&#8221;.vc_custom_1742415432279{margin-top: 0px !important;margin-bottom: 0px !important;padding-top: 80px !important;padding-bottom: 80px !important;background-color: #E6F3F4 !important;}&#8221;][vc_column width=&#8221;1\/12&#8243; css=&#8221;.vc_custom_1742415439793{margin-top: 0px !important;padding-top: 0px !important;}&#8221; offset=&#8221;vc_col-lg-1 vc_col-md-1 vc_hidden-sm vc_hidden-xs&#8221;][\/vc_column][vc_column offset=&#8221;vc_col-lg-10 vc_col-md-10 vc_col-xs-12&#8243; css=&#8221;.vc_custom_1742480431422{padding-top: 120px !important;padding-bottom: 120px !important;background-color: #CBE7E8 !important;border-radius: 30px !important;}&#8221;][vc_row_inner][vc_column_inner width=&#8221;1\/6&#8243; offset=&#8221;vc_col-lg-2 vc_hidden-md vc_hidden-sm&#8221;][\/vc_column_inner][vc_column_inner offset=&#8221;vc_col-lg-8 vc_col-md-12&#8243;][vc_column_text css=&#8221;.vc_custom_1772122646083{margin-bottom: 20px !important;}&#8221;]<\/p>\n<h3 style=\"text-align: center;\">Que vous soyez \u00e0 la recherche d\u2019un milieu familial chaleureux et fiable ou pr\u00eate \u00e0 ouvrir le v\u00f4tre, nous sommes l\u00e0 pour vous accompagner \u00e0 chaque \u00e9tape.<\/h3>\n<p>[\/vc_column_text][vc_empty_space][\/vc_column_inner][vc_column_inner width=&#8221;1\/6&#8243; offset=&#8221;vc_col-lg-2 vc_hidden-md vc_hidden-sm&#8221;][\/vc_column_inner][\/vc_row_inner][vc_row_inner][vc_column_inner width=&#8221;1\/6&#8243; offset=&#8221;vc_col-lg-2 vc_hidden-lg vc_col-md-1 vc_hidden-md vc_hidden-sm vc_col-xs-12&#8243;][\/vc_column_inner][vc_column_inner offset=&#8221;vc_col-lg-8 vc_hidden-lg vc_col-md-9 vc_hidden-md vc_hidden-sm vc_col-xs-12&#8243;][vc_column_text css=&#8221;&#8221;]<\/p>\n<h4>En savoir plus<\/h4>\n<p><strong><a href=\"tel:4033004147\">403-300-4147<\/a><\/strong><br \/>\n<strong><a href=\"mailto:amf@envoletboussole.com\">AMF@envoletboussole.com<\/a><\/strong><br \/>\n<strong>Calgary, Alberta<\/strong><br \/>\n<strong>8:00h \u00e0 16:00h<\/strong>[\/vc_column_text][\/vc_column_inner][vc_column_inner width=&#8221;1\/6&#8243; offset=&#8221;vc_col-lg-2 vc_hidden-lg vc_hidden-md vc_hidden-sm&#8221;][\/vc_column_inner][\/vc_row_inner][vc_row_inner bp_css_tablet=&#8221;.vc_custom_1772141250663{padding-top: 0px !important;}&#8221; css=&#8221;.vc_custom_1772141250663{padding-top: 80px !important;padding-right: 50px !important;padding-left: 50px !important;}&#8221; el_class=&#8221;cols-contact&#8221;][vc_column_inner width=&#8221;1\/2&#8243; offset=&#8221;vc_col-lg-3 vc_col-md-6 vc_col-xs-12 vc_hidden-xs&#8221;][vc_icon type=&#8221;typicons&#8221; icon_typicons=&#8221;typcn typcn-phone-outline&#8221; color=&#8221;white&#8221; size=&#8221;lg&#8221; align=&#8221;center&#8221; css=&#8221;&#8221;][vc_column_text css=&#8221;&#8221;]<\/p>\n<p style=\"text-align: center;\"><strong><a href=\"tel:4033004147\">403-300-4147<\/a><\/strong><\/p>\n<p>[\/vc_column_text][\/vc_column_inner][vc_column_inner width=&#8221;1\/2&#8243; offset=&#8221;vc_col-lg-3 vc_col-md-6 vc_col-xs-12 vc_hidden-xs&#8221; css=&#8221;.vc_custom_1772141124777{padding-right: 0px !important;padding-left: 0px !important;}&#8221;][vc_icon type=&#8221;typicons&#8221; icon_typicons=&#8221;typcn typcn-location-arrow-outline&#8221; color=&#8221;white&#8221; size=&#8221;lg&#8221; align=&#8221;center&#8221; css=&#8221;&#8221;][vc_column_text css=&#8221;&#8221;]<\/p>\n<p style=\"text-align: center;\"><strong><a href=\"mailto:amf@envoletboussole.com\">AMF@envoletboussole.com<\/a><\/strong><\/p>\n<p>[\/vc_column_text][\/vc_column_inner][vc_column_inner width=&#8221;1\/2&#8243; offset=&#8221;vc_col-lg-3 vc_col-md-6 vc_col-xs-12 vc_hidden-xs&#8221; css=&#8221;.vc_custom_1772141140613{padding-right: 0px !important;padding-left: 0px !important;}&#8221;][vc_icon type=&#8221;typicons&#8221; icon_typicons=&#8221;typcn typcn-location&#8221; color=&#8221;white&#8221; size=&#8221;lg&#8221; align=&#8221;center&#8221; css=&#8221;&#8221;][vc_column_text css=&#8221;&#8221;]<\/p>\n<p style=\"text-align: center;\"><strong>Calgary, Alberta<\/strong><\/p>\n<p>[\/vc_column_text][\/vc_column_inner][vc_column_inner width=&#8221;1\/2&#8243; offset=&#8221;vc_col-lg-3 vc_col-md-6 vc_col-xs-12 vc_hidden-xs&#8221;][vc_icon type=&#8221;typicons&#8221; icon_typicons=&#8221;typcn typcn-time&#8221; color=&#8221;white&#8221; size=&#8221;lg&#8221; align=&#8221;center&#8221; css=&#8221;&#8221;][vc_column_text css=&#8221;&#8221;]<\/p>\n<p style=\"text-align: center;\"><strong>8h \u00e0 16h<\/strong><\/p>\n<p>[\/vc_column_text][\/vc_column_inner][\/vc_row_inner][\/vc_column][vc_column width=&#8221;1\/12&#8243; offset=&#8221;vc_col-lg-1 vc_col-md-1 vc_hidden-sm vc_hidden-xs&#8221;][\/vc_column][\/vc_row]<\/p>\n<\/div>","protected":false},"excerpt":{"rendered":"<p>[vc_row full_width=&#8221;stretch_row_content_no_spaces&#8221; css=&#8221;.vc_custom_1738690045317{margin-top: 0px !important;padding-top: 0px !important;background-color: #006E79 !important;}&#8221;][vc_column css=&#8221;.vc_custom_1738690074919{margin-top: 0px !important;margin-bottom: 0px !important;padding-top: 0px !important;padding-bottom: 0px !important;}&#8221;][\/vc_column][\/vc_row][vc_row full_width=&#8221;stretch_row_content&#8221; gap=&#8221;20&#8243;&#8230;<\/p>\n","protected":false},"author":4,"featured_media":0,"parent":0,"menu_order":0,"comment_status":"closed","ping_status":"closed","template":"","meta":{"inline_featured_image":false,"footnotes":""},"class_list":["post-4519","page","type-page","status-publish","hentry"],"_links":{"self":[{"href":"https:\/\/envoletboussole.com\/en\/wp-json\/wp\/v2\/pages\/4519","targetHints":{"allow":["GET"]}}],"collection":[{"href":"https:\/\/envoletboussole.com\/en\/wp-json\/wp\/v2\/pages"}],"about":[{"href":"https:\/\/envoletboussole.com\/en\/wp-json\/wp\/v2\/types\/page"}],"author":[{"embeddable":true,"href":"https:\/\/envoletboussole.com\/en\/wp-json\/wp\/v2\/users\/4"}],"replies":[{"embeddable":true,"href":"https:\/\/envoletboussole.com\/en\/wp-json\/wp\/v2\/comments?post=4519"}],"version-history":[{"count":0,"href":"https:\/\/envoletboussole.com\/en\/wp-json\/wp\/v2\/pages\/4519\/revisions"}],"wp:attachment":[{"href":"https:\/\/envoletboussole.com\/en\/wp-json\/wp\/v2\/media?parent=4519"}],"curies":[{"name":"wp","href":"https:\/\/api.w.org\/{rel}","templated":true}]}}